{"id":3216,"date":"2024-05-17T12:25:37","date_gmt":"2024-05-17T10:25:37","guid":{"rendered":"https:\/\/www.museodelapaz.eus\/le-bombardement-de-gernika\/"},"modified":"2025-06-10T11:15:44","modified_gmt":"2025-06-10T09:15:44","slug":"le-bombardement-de-gernika","status":"publish","type":"page","link":"https:\/\/www.museodelapaz.eus\/fr\/le-bombardement-de-gernika\/","title":{"rendered":"Le Bombardement de Gernika"},"content":{"rendered":"\n<section class=\"wp-block-group hechos-clave\"><div class=\"wp-block-group__inner-container is-layout-constrained wp-block-group-is-layout-constrained\">\n<div class=\"wp-block-columns is-layout-flex wp-container-core-columns-is-layout-9d6595d7 wp-block-columns-is-layout-flex\">\n<div class=\"wp-block-column is-layout-flow wp-block-column-is-layout-flow\">\n<h3 class=\"wp-block-heading has-text-align-center has-text-color has-link-color wp-elements-1681101fae69a804a9d40fbfeb049c25\" style=\"color:#3a4124;font-size:35px\"><strong>Les faits marquants<\/strong><\/h3>\n<\/div>\n<\/div>\n\n\n\n<div class=\"wp-block-columns is-layout-flex wp-container-core-columns-is-layout-9d6595d7 wp-block-columns-is-layout-flex\">\n<div class=\"wp-block-column is-layout-flow wp-block-column-is-layout-flow\"><div class=\"wp-block-image\">\n<figure class=\"aligncenter size-large is-resized\"><img decoding=\"async\" width=\"800\" height=\"800\" data-src=\"https:\/\/www.museodelapaz.eus\/wp-content\/uploads\/2024\/07\/one-svgrepo-com.svg\" alt=\"\" class=\"wp-image-2623 lazyload\" style=\"--smush-placeholder-width: 800px; --smush-placeholder-aspect-ratio: 800\/800;object-fit:cover;width:44px;height:44px\" src=\"data:image\/svg+xml;base64,PHN2ZyB3aWR0aD0iMSIgaGVpZ2h0PSIxIiB4bWxucz0iaHR0cDovL3d3dy53My5vcmcvMjAwMC9zdmciPjwvc3ZnPg==\" \/><\/figure>\n<\/div>\n\n\n<div style=\"height:35px\" aria-hidden=\"true\" class=\"wp-block-spacer\"><\/div>\n\n\n\n<p style=\"font-size:18px\"><strong>Mars 1937. D\u00e9but de la Campagne du Nord <\/strong><\/p>\n\n\n\n<p style=\"font-size:16px\">Le 31 mars, Durango est bombard\u00e9 et une s\u00e9rie de bombardements a\u00e9riens massifs des positions de la ligne de front et d&#8217;autres villes comme Elorrio et Otxandio commence. Les autorit\u00e9s ordonnent la construction d&#8217;abris. <\/p>\n<\/div>\n\n\n\n<div class=\"wp-block-column is-layout-flow wp-block-column-is-layout-flow\"><div class=\"wp-block-image\">\n<figure class=\"aligncenter size-large is-resized\"><img decoding=\"async\" width=\"44\" height=\"44\" data-src=\"https:\/\/www.museodelapaz.eus\/wp-content\/uploads\/2024\/07\/svgviewer-output.svg\" alt=\"\" class=\"wp-image-2627 lazyload\" style=\"--smush-placeholder-width: 44px; --smush-placeholder-aspect-ratio: 44\/44;object-fit:cover;width:44px;height:44px\" src=\"data:image\/svg+xml;base64,PHN2ZyB3aWR0aD0iMSIgaGVpZ2h0PSIxIiB4bWxucz0iaHR0cDovL3d3dy53My5vcmcvMjAwMC9zdmciPjwvc3ZnPg==\" \/><\/figure>\n<\/div>\n\n\n<div style=\"height:35px\" aria-hidden=\"true\" class=\"wp-block-spacer\"><\/div>\n\n\n\n<p style=\"font-size:18px\"><strong>26 avril 1937 \u00c0 16h20 les premi\u00e8res bombes tombent \u00e0 Gernika <\/strong><\/p>\n\n\n\n<p style=\"font-size:16px\">L&#8217;alerte est donn\u00e9e et la population se pr\u00e9cipite dans les abris. Peu apr\u00e8s, les bombardiers de la L\u00e9gion Condor larguent leurs bombes le long du centre ville et sur le r\u00e9servoir d&#8217;eau. Les avions de chasse parviennent \u00e0 maintenir la population \u00e0 l&#8217;int\u00e9rieur du centre ville en mitraillant la ville jusqu&#8217;\u00e0 ce qu&#8217;un bombardement massif soit lanc\u00e9 en plusieurs vagues successives.  <\/p>\n<\/div>\n\n\n\n<div class=\"wp-block-column is-layout-flow wp-block-column-is-layout-flow\"><div class=\"wp-block-image\">\n<figure class=\"aligncenter size-large is-resized\"><img decoding=\"async\" width=\"44\" height=\"44\" data-src=\"https:\/\/www.museodelapaz.eus\/wp-content\/uploads\/2024\/07\/svgviewer-output-1.svg\" alt=\"\" class=\"wp-image-2631 lazyload\" style=\"--smush-placeholder-width: 44px; --smush-placeholder-aspect-ratio: 44\/44;object-fit:cover;width:44px;height:44px\" src=\"data:image\/svg+xml;base64,PHN2ZyB3aWR0aD0iMSIgaGVpZ2h0PSIxIiB4bWxucz0iaHR0cDovL3d3dy53My5vcmcvMjAwMC9zdmciPjwvc3ZnPg==\" \/><\/figure>\n<\/div>\n\n\n<div style=\"height:35px\" aria-hidden=\"true\" class=\"wp-block-spacer\"><\/div>\n\n\n\n<p style=\"font-size:18px\"><strong>26 avril 1937 \u00c0 19h40, fin du bombardement. <\/strong><\/p>\n\n\n\n<p style=\"font-size:16px\">Pendant plus de trois heures de brasier, entre 31 et 41 tonnes d&#8217;explosifs, principalement des bombes incendiaires, ont \u00e9t\u00e9 largu\u00e9es, rasant compl\u00e8tement le centre-ville. L&#8217;incendie criminel n&#8217;a pu \u00eatre \u00e9teint pendant plusieurs jours. R\u00e9sultat : 85,22% des b\u00e2timents d\u00e9truits et 99% de la ville touch\u00e9e. Le gouvernement d&#8217;Euzkadi a enregistr\u00e9 1 654 morts.   <\/p>\n<\/div>\n<\/div>\n<\/div><\/section>\n\n<section class=\"wp-block-group\"><div class=\"wp-block-group__inner-container is-layout-constrained wp-block-group-is-layout-constrained\">\n<div class=\"wp-block-group primary-card\"><div class=\"wp-block-group__inner-container is-layout-constrained wp-block-group-is-layout-constrained\">\n<div class=\"wp-block-columns has-background is-layout-flex wp-container-core-columns-is-layout-9d6595d7 wp-block-columns-is-layout-flex\" style=\"background-color:#ebede4\">\n<div class=\"wp-block-column is-layout-flow wp-block-column-is-layout-flow\">\n<h2 class=\"wp-block-heading\" style=\"font-size:50px\">La ligne du temps<\/h2>\n<\/div>\n\n\n\n<div class=\"wp-block-column is-layout-flow wp-block-column-is-layout-flow\">\n<p class=\"text-with-right-arrow d-flex align-items-center gap-2\" style=\"font-size:18px\"><strong><a href=\"https:\/\/www.museodelapaz.eus\/fr\/le-bombardement-de-gernika\/la-ligne-du-temps\/\">Aller \u00e0 la ligne du temps<\/a><\/strong><\/p>\n\n\n\n<p style=\"font-size:16px\">Explorez la chronologie du bombardement de Gernika. D\u00e9couvrez l&#8217;impact qu&#8217;il a eu sur la population et \u00e0 l&#8217;\u00e9chelle internationale.  <\/p>\n<\/div>\n<\/div>\n<\/div><\/div>\n<\/div><\/section>\n\n<section class=\"wp-block-group\"><div class=\"wp-block-group__inner-container is-layout-constrained wp-block-group-is-layout-constrained\">\n<div class=\"wp-block-group primary-card\"><div class=\"wp-block-group__inner-container is-layout-constrained wp-block-group-is-layout-constrained\">\n<div class=\"wp-block-columns has-background is-layout-flex wp-container-core-columns-is-layout-9d6595d7 wp-block-columns-is-layout-flex\" style=\"background-color:#474a43\">\n<div class=\"wp-block-column is-layout-flow wp-block-column-is-layout-flow\">\n<h2 class=\"wp-block-heading has-white-color has-text-color has-link-color wp-elements-11de2c3f93db32eae3c90271f1cb7b04\" style=\"font-size:50px\">Centre de Documentation sur le Bombardement de Gernika<\/h2>\n<\/div>\n\n\n\n<div class=\"wp-block-column is-layout-flow wp-block-column-is-layout-flow\">\n<p class=\"text-with-right-arrow d-flex align-items-center gap-2 has-white-color has-text-color has-link-color wp-elements-2a2ea44ec2568331b33cfb7e15af1482\" style=\"font-size:18px\"><strong><a href=\"https:\/\/www.museodelapaz.eus\/fr\/centre-de-documentation-sur-le-bombardement-de-gernika\/\">D\u00e9couvrez le CDBG<\/a><\/strong><\/p>\n\n\n\n<p class=\"has-white-color has-text-color has-link-color wp-elements-62d9458854ccd9e6b7f4484b7b77b5c6\" style=\"font-size:16px\">Le Centre de Documentation est un service public sp\u00e9cialis\u00e9, qui met \u00e0 la disposition de toutes personnes int\u00e9ress\u00e9es, ses ressources documentaires (livres, documents, revues et mat\u00e9riel audiovisuel) sur le bombardement de Gernika.<\/p>\n<\/div>\n<\/div>\n<\/div><\/div>\n<\/div><\/section>\n","protected":false},"excerpt":{"rendered":"<p>Les faits marquants Mars 1937. D\u00e9but de la Campagne du Nord Le 31 mars, Durango est bombard\u00e9 et une s\u00e9rie de bombardements a\u00e9riens massifs des positions de la ligne de&#8230;<\/p>\n","protected":false},"author":1,"featured_media":0,"parent":0,"menu_order":0,"comment_status":"closed","ping_status":"closed","template":"page-templates\/no-title.php","meta":{"_acf_changed":false,"inline_featured_image":false,"footnotes":""},"class_list":["post-3216","page","type-page","status-publish","hentry"],"acf":[],"yoast_head":"<!-- This site is optimized with the Yoast SEO plugin v27.5 - https:\/\/yoast.com\/product\/yoast-seo-wordpress\/ -->\n<title>Le Bombardement de Gernika - Museo de la Paz de Gernika<\/title>\n<meta name=\"robots\" content=\"index, follow, max-snippet:-1, max-image-preview:large, max-video-preview:-1\" \/>\n<link rel=\"canonical\" href=\"https:\/\/www.museodelapaz.eus\/fr\/le-bombardement-de-gernika\/\" \/>\n<meta property=\"og:locale\" content=\"fr_FR\" \/>\n<meta property=\"og:type\" content=\"article\" \/>\n<meta property=\"og:title\" content=\"Le Bombardement de Gernika - Museo de la Paz de Gernika\" \/>\n<meta property=\"og:description\" content=\"Les faits marquants Mars 1937. D\u00e9but de la Campagne du Nord Le 31 mars, Durango est bombard\u00e9 et une s\u00e9rie de bombardements a\u00e9riens massifs des positions de la ligne de...\" \/>\n<meta property=\"og:url\" content=\"https:\/\/www.museodelapaz.eus\/fr\/le-bombardement-de-gernika\/\" \/>\n<meta property=\"og:site_name\" content=\"Museo de la Paz de Gernika\" \/>\n<meta property=\"article:modified_time\" content=\"2025-06-10T09:15:44+00:00\" \/>\n<meta name=\"twitter:card\" content=\"summary_large_image\" \/>\n<meta name=\"twitter:label1\" content=\"Dur\u00e9e de lecture estim\u00e9e\" \/>\n\t<meta name=\"twitter:data1\" content=\"1 minute\" \/>\n<script type=\"application\/ld+json\" class=\"yoast-schema-graph\">{\"@context\":\"https:\\\/\\\/schema.org\",\"@graph\":[{\"@type\":\"WebPage\",\"@id\":\"https:\\\/\\\/www.museodelapaz.eus\\\/fr\\\/le-bombardement-de-gernika\\\/\",\"url\":\"https:\\\/\\\/www.museodelapaz.eus\\\/fr\\\/le-bombardement-de-gernika\\\/\",\"name\":\"Le Bombardement de Gernika - Museo de la Paz de Gernika\",\"isPartOf\":{\"@id\":\"https:\\\/\\\/www.museodelapaz.eus\\\/fr\\\/#website\"},\"primaryImageOfPage\":{\"@id\":\"https:\\\/\\\/www.museodelapaz.eus\\\/fr\\\/le-bombardement-de-gernika\\\/#primaryimage\"},\"image\":{\"@id\":\"https:\\\/\\\/www.museodelapaz.eus\\\/fr\\\/le-bombardement-de-gernika\\\/#primaryimage\"},\"thumbnailUrl\":\"https:\\\/\\\/www.museodelapaz.eus\\\/wp-content\\\/uploads\\\/2024\\\/07\\\/one-svgrepo-com.svg\",\"datePublished\":\"2024-05-17T10:25:37+00:00\",\"dateModified\":\"2025-06-10T09:15:44+00:00\",\"breadcrumb\":{\"@id\":\"https:\\\/\\\/www.museodelapaz.eus\\\/fr\\\/le-bombardement-de-gernika\\\/#breadcrumb\"},\"inLanguage\":\"fr-FR\",\"potentialAction\":[{\"@type\":\"ReadAction\",\"target\":[\"https:\\\/\\\/www.museodelapaz.eus\\\/fr\\\/le-bombardement-de-gernika\\\/\"]}]},{\"@type\":\"ImageObject\",\"inLanguage\":\"fr-FR\",\"@id\":\"https:\\\/\\\/www.museodelapaz.eus\\\/fr\\\/le-bombardement-de-gernika\\\/#primaryimage\",\"url\":\"https:\\\/\\\/www.museodelapaz.eus\\\/wp-content\\\/uploads\\\/2024\\\/07\\\/one-svgrepo-com.svg\",\"contentUrl\":\"https:\\\/\\\/www.museodelapaz.eus\\\/wp-content\\\/uploads\\\/2024\\\/07\\\/one-svgrepo-com.svg\"},{\"@type\":\"BreadcrumbList\",\"@id\":\"https:\\\/\\\/www.museodelapaz.eus\\\/fr\\\/le-bombardement-de-gernika\\\/#breadcrumb\",\"itemListElement\":[{\"@type\":\"ListItem\",\"position\":1,\"name\":\"Portada\",\"item\":\"https:\\\/\\\/www.museodelapaz.eus\\\/fr\\\/accueil\\\/\"},{\"@type\":\"ListItem\",\"position\":2,\"name\":\"Le Bombardement de Gernika\"}]},{\"@type\":\"WebSite\",\"@id\":\"https:\\\/\\\/www.museodelapaz.eus\\\/fr\\\/#website\",\"url\":\"https:\\\/\\\/www.museodelapaz.eus\\\/fr\\\/\",\"name\":\"Museo de la Paz de Gernika\",\"description\":\"\",\"publisher\":{\"@id\":\"https:\\\/\\\/www.museodelapaz.eus\\\/fr\\\/#organization\"},\"potentialAction\":[{\"@type\":\"SearchAction\",\"target\":{\"@type\":\"EntryPoint\",\"urlTemplate\":\"https:\\\/\\\/www.museodelapaz.eus\\\/fr\\\/?s={search_term_string}\"},\"query-input\":{\"@type\":\"PropertyValueSpecification\",\"valueRequired\":true,\"valueName\":\"search_term_string\"}}],\"inLanguage\":\"fr-FR\"},{\"@type\":\"Organization\",\"@id\":\"https:\\\/\\\/www.museodelapaz.eus\\\/fr\\\/#organization\",\"name\":\"Museo de la Paz de Gernika\",\"url\":\"https:\\\/\\\/www.museodelapaz.eus\\\/fr\\\/\",\"logo\":{\"@type\":\"ImageObject\",\"inLanguage\":\"fr-FR\",\"@id\":\"https:\\\/\\\/www.museodelapaz.eus\\\/fr\\\/#\\\/schema\\\/logo\\\/image\\\/\",\"url\":\"https:\\\/\\\/www.museodelapaz.eus\\\/wp-content\\\/uploads\\\/2024\\\/05\\\/logo-museo-de-la-paz-gernika-h-1.svg\",\"contentUrl\":\"https:\\\/\\\/www.museodelapaz.eus\\\/wp-content\\\/uploads\\\/2024\\\/05\\\/logo-museo-de-la-paz-gernika-h-1.svg\",\"caption\":\"Museo de la Paz de Gernika\"},\"image\":{\"@id\":\"https:\\\/\\\/www.museodelapaz.eus\\\/fr\\\/#\\\/schema\\\/logo\\\/image\\\/\"}}]}<\/script>\n<!-- \/ Yoast SEO plugin. -->","yoast_head_json":{"title":"Le Bombardement de Gernika - Museo de la Paz de Gernika","robots":{"index":"index","follow":"follow","max-snippet":"max-snippet:-1","max-image-preview":"max-image-preview:large","max-video-preview":"max-video-preview:-1"},"canonical":"https:\/\/www.museodelapaz.eus\/fr\/le-bombardement-de-gernika\/","og_locale":"fr_FR","og_type":"article","og_title":"Le Bombardement de Gernika - Museo de la Paz de Gernika","og_description":"Les faits marquants Mars 1937. D\u00e9but de la Campagne du Nord Le 31 mars, Durango est bombard\u00e9 et une s\u00e9rie de bombardements a\u00e9riens massifs des positions de la ligne de...","og_url":"https:\/\/www.museodelapaz.eus\/fr\/le-bombardement-de-gernika\/","og_site_name":"Museo de la Paz de Gernika","article_modified_time":"2025-06-10T09:15:44+00:00","twitter_card":"summary_large_image","twitter_misc":{"Dur\u00e9e de lecture estim\u00e9e":"1 minute"},"schema":{"@context":"https:\/\/schema.org","@graph":[{"@type":"WebPage","@id":"https:\/\/www.museodelapaz.eus\/fr\/le-bombardement-de-gernika\/","url":"https:\/\/www.museodelapaz.eus\/fr\/le-bombardement-de-gernika\/","name":"Le Bombardement de Gernika - Museo de la Paz de Gernika","isPartOf":{"@id":"https:\/\/www.museodelapaz.eus\/fr\/#website"},"primaryImageOfPage":{"@id":"https:\/\/www.museodelapaz.eus\/fr\/le-bombardement-de-gernika\/#primaryimage"},"image":{"@id":"https:\/\/www.museodelapaz.eus\/fr\/le-bombardement-de-gernika\/#primaryimage"},"thumbnailUrl":"https:\/\/www.museodelapaz.eus\/wp-content\/uploads\/2024\/07\/one-svgrepo-com.svg","datePublished":"2024-05-17T10:25:37+00:00","dateModified":"2025-06-10T09:15:44+00:00","breadcrumb":{"@id":"https:\/\/www.museodelapaz.eus\/fr\/le-bombardement-de-gernika\/#breadcrumb"},"inLanguage":"fr-FR","potentialAction":[{"@type":"ReadAction","target":["https:\/\/www.museodelapaz.eus\/fr\/le-bombardement-de-gernika\/"]}]},{"@type":"ImageObject","inLanguage":"fr-FR","@id":"https:\/\/www.museodelapaz.eus\/fr\/le-bombardement-de-gernika\/#primaryimage","url":"https:\/\/www.museodelapaz.eus\/wp-content\/uploads\/2024\/07\/one-svgrepo-com.svg","contentUrl":"https:\/\/www.museodelapaz.eus\/wp-content\/uploads\/2024\/07\/one-svgrepo-com.svg"},{"@type":"BreadcrumbList","@id":"https:\/\/www.museodelapaz.eus\/fr\/le-bombardement-de-gernika\/#breadcrumb","itemListElement":[{"@type":"ListItem","position":1,"name":"Portada","item":"https:\/\/www.museodelapaz.eus\/fr\/accueil\/"},{"@type":"ListItem","position":2,"name":"Le Bombardement de Gernika"}]},{"@type":"WebSite","@id":"https:\/\/www.museodelapaz.eus\/fr\/#website","url":"https:\/\/www.museodelapaz.eus\/fr\/","name":"Museo de la Paz de Gernika","description":"","publisher":{"@id":"https:\/\/www.museodelapaz.eus\/fr\/#organization"},"potentialAction":[{"@type":"SearchAction","target":{"@type":"EntryPoint","urlTemplate":"https:\/\/www.museodelapaz.eus\/fr\/?s={search_term_string}"},"query-input":{"@type":"PropertyValueSpecification","valueRequired":true,"valueName":"search_term_string"}}],"inLanguage":"fr-FR"},{"@type":"Organization","@id":"https:\/\/www.museodelapaz.eus\/fr\/#organization","name":"Museo de la Paz de Gernika","url":"https:\/\/www.museodelapaz.eus\/fr\/","logo":{"@type":"ImageObject","inLanguage":"fr-FR","@id":"https:\/\/www.museodelapaz.eus\/fr\/#\/schema\/logo\/image\/","url":"https:\/\/www.museodelapaz.eus\/wp-content\/uploads\/2024\/05\/logo-museo-de-la-paz-gernika-h-1.svg","contentUrl":"https:\/\/www.museodelapaz.eus\/wp-content\/uploads\/2024\/05\/logo-museo-de-la-paz-gernika-h-1.svg","caption":"Museo de la Paz de Gernika"},"image":{"@id":"https:\/\/www.museodelapaz.eus\/fr\/#\/schema\/logo\/image\/"}}]}},"_links":{"self":[{"href":"https:\/\/www.museodelapaz.eus\/fr\/wp-json\/wp\/v2\/pages\/3216","targetHints":{"allow":["GET"]}}],"collection":[{"href":"https:\/\/www.museodelapaz.eus\/fr\/wp-json\/wp\/v2\/pages"}],"about":[{"href":"https:\/\/www.museodelapaz.eus\/fr\/wp-json\/wp\/v2\/types\/page"}],"author":[{"embeddable":true,"href":"https:\/\/www.museodelapaz.eus\/fr\/wp-json\/wp\/v2\/users\/1"}],"replies":[{"embeddable":true,"href":"https:\/\/www.museodelapaz.eus\/fr\/wp-json\/wp\/v2\/comments?post=3216"}],"version-history":[{"count":3,"href":"https:\/\/www.museodelapaz.eus\/fr\/wp-json\/wp\/v2\/pages\/3216\/revisions"}],"predecessor-version":[{"id":8963,"href":"https:\/\/www.museodelapaz.eus\/fr\/wp-json\/wp\/v2\/pages\/3216\/revisions\/8963"}],"wp:attachment":[{"href":"https:\/\/www.museodelapaz.eus\/fr\/wp-json\/wp\/v2\/media?parent=3216"}],"curies":[{"name":"wp","href":"https:\/\/api.w.org\/{rel}","templated":true}]}}