{"id":27755,"date":"2009-11-24T17:43:35","date_gmt":"2009-11-24T16:43:35","guid":{"rendered":"https:\/\/www.museodelapaz.eus\/actividad\/2e-edition-de-lembarquee-artiviste-1e-laboratoire\/"},"modified":"2009-11-24T17:43:35","modified_gmt":"2009-11-24T16:43:35","slug":"2e-edition-de-lembarquee-artiviste-1e-laboratoire","status":"publish","type":"actividad","link":"https:\/\/www.museodelapaz.eus\/fr\/activite\/2e-edition-de-lembarquee-artiviste-1e-laboratoire\/","title":{"rendered":"2e \u00e9dition de l&#8217;Embarqu\u00e9e Artiviste. 1e laboratoire"},"content":{"rendered":"","protected":false},"excerpt":{"rendered":"<p>Mardi, premier d\u00e9cembre 2015, le jour qui marque 60 ans de l&#8217;action d\u00e9sob\u00e9issante de Rosa Parks, nous commen\u00e7ons avec un des laboratoires de &#8216;L&#8217;Embarqu\u00e9e Artiviste&#8217;&#8230;<\/p>\n","protected":false},"featured_media":27752,"menu_order":0,"template":"","meta":{"_acf_changed":false,"inline_featured_image":false},"categoria-actividad":[143],"tema":[144],"tipo-actividad":[140,203],"class_list":["post-27755","actividad","type-actividad","status-publish","has-post-thumbnail","hentry","categoria-actividad-musee-de-la-paix-de-gernika","tema-otros-fr","tipo-actividad-activite-temporaire","tipo-actividad-activites"],"acf":[],"yoast_head":"<!-- This site is optimized with the Yoast SEO plugin v27.5 - https:\/\/yoast.com\/product\/yoast-seo-wordpress\/ -->\n<title>2e \u00e9dition de l&#039;Embarqu\u00e9e Artiviste. 1e laboratoire - Museo de la Paz de Gernika<\/title>\n<meta name=\"robots\" content=\"index, follow, max-snippet:-1, max-image-preview:large, max-video-preview:-1\" \/>\n<link rel=\"canonical\" href=\"https:\/\/www.museodelapaz.eus\/fr\/activite\/2e-edition-de-lembarquee-artiviste-1e-laboratoire\/\" \/>\n<meta property=\"og:locale\" content=\"fr_FR\" \/>\n<meta property=\"og:type\" content=\"article\" \/>\n<meta property=\"og:title\" content=\"2e \u00e9dition de l&#039;Embarqu\u00e9e Artiviste. 1e laboratoire - Museo de la Paz de Gernika\" \/>\n<meta property=\"og:description\" content=\"Mardi, premier d\u00e9cembre 2015, le jour qui marque 60 ans de l&#039;action d\u00e9sob\u00e9issante de Rosa Parks, nous commen\u00e7ons avec un des laboratoires de &#039;L&#039;Embarqu\u00e9e Artiviste&#039;...\" \/>\n<meta property=\"og:url\" content=\"https:\/\/www.museodelapaz.eus\/fr\/activite\/2e-edition-de-lembarquee-artiviste-1e-laboratoire\/\" \/>\n<meta property=\"og:site_name\" content=\"Museo de la Paz de Gernika\" \/>\n<meta property=\"og:image\" content=\"https:\/\/www.museodelapaz.eus\/wp-content\/uploads\/2009\/11\/IMG_0024-scaled.jpg\" \/>\n\t<meta property=\"og:image:width\" content=\"2560\" \/>\n\t<meta property=\"og:image:height\" content=\"1707\" \/>\n\t<meta property=\"og:image:type\" content=\"image\/jpeg\" \/>\n<meta name=\"twitter:card\" content=\"summary_large_image\" \/>\n<script type=\"application\/ld+json\" class=\"yoast-schema-graph\">{\"@context\":\"https:\\\/\\\/schema.org\",\"@graph\":[{\"@type\":\"WebPage\",\"@id\":\"https:\\\/\\\/www.museodelapaz.eus\\\/fr\\\/activite\\\/2e-edition-de-lembarquee-artiviste-1e-laboratoire\\\/\",\"url\":\"https:\\\/\\\/www.museodelapaz.eus\\\/fr\\\/activite\\\/2e-edition-de-lembarquee-artiviste-1e-laboratoire\\\/\",\"name\":\"2e \u00e9dition de l'Embarqu\u00e9e Artiviste. 1e laboratoire - Museo de la Paz de Gernika\",\"isPartOf\":{\"@id\":\"https:\\\/\\\/www.museodelapaz.eus\\\/fr\\\/#website\"},\"primaryImageOfPage\":{\"@id\":\"https:\\\/\\\/www.museodelapaz.eus\\\/fr\\\/activite\\\/2e-edition-de-lembarquee-artiviste-1e-laboratoire\\\/#primaryimage\"},\"image\":{\"@id\":\"https:\\\/\\\/www.museodelapaz.eus\\\/fr\\\/activite\\\/2e-edition-de-lembarquee-artiviste-1e-laboratoire\\\/#primaryimage\"},\"thumbnailUrl\":\"https:\\\/\\\/www.museodelapaz.eus\\\/wp-content\\\/uploads\\\/2009\\\/11\\\/IMG_0024-scaled.jpg\",\"datePublished\":\"2009-11-24T16:43:35+00:00\",\"breadcrumb\":{\"@id\":\"https:\\\/\\\/www.museodelapaz.eus\\\/fr\\\/activite\\\/2e-edition-de-lembarquee-artiviste-1e-laboratoire\\\/#breadcrumb\"},\"inLanguage\":\"fr-FR\",\"potentialAction\":[{\"@type\":\"ReadAction\",\"target\":[\"https:\\\/\\\/www.museodelapaz.eus\\\/fr\\\/activite\\\/2e-edition-de-lembarquee-artiviste-1e-laboratoire\\\/\"]}]},{\"@type\":\"ImageObject\",\"inLanguage\":\"fr-FR\",\"@id\":\"https:\\\/\\\/www.museodelapaz.eus\\\/fr\\\/activite\\\/2e-edition-de-lembarquee-artiviste-1e-laboratoire\\\/#primaryimage\",\"url\":\"https:\\\/\\\/www.museodelapaz.eus\\\/wp-content\\\/uploads\\\/2009\\\/11\\\/IMG_0024-scaled.jpg\",\"contentUrl\":\"https:\\\/\\\/www.museodelapaz.eus\\\/wp-content\\\/uploads\\\/2009\\\/11\\\/IMG_0024-scaled.jpg\",\"width\":2560,\"height\":1707},{\"@type\":\"BreadcrumbList\",\"@id\":\"https:\\\/\\\/www.museodelapaz.eus\\\/fr\\\/activite\\\/2e-edition-de-lembarquee-artiviste-1e-laboratoire\\\/#breadcrumb\",\"itemListElement\":[{\"@type\":\"ListItem\",\"position\":1,\"name\":\"Portada\",\"item\":\"https:\\\/\\\/www.museodelapaz.eus\\\/fr\\\/accueil\\\/\"},{\"@type\":\"ListItem\",\"position\":2,\"name\":\"2e \u00e9dition de l&#8217;Embarqu\u00e9e Artiviste. 1e laboratoire\"}]},{\"@type\":\"WebSite\",\"@id\":\"https:\\\/\\\/www.museodelapaz.eus\\\/fr\\\/#website\",\"url\":\"https:\\\/\\\/www.museodelapaz.eus\\\/fr\\\/\",\"name\":\"Museo de la Paz de Gernika\",\"description\":\"\",\"publisher\":{\"@id\":\"https:\\\/\\\/www.museodelapaz.eus\\\/fr\\\/#organization\"},\"potentialAction\":[{\"@type\":\"SearchAction\",\"target\":{\"@type\":\"EntryPoint\",\"urlTemplate\":\"https:\\\/\\\/www.museodelapaz.eus\\\/fr\\\/?s={search_term_string}\"},\"query-input\":{\"@type\":\"PropertyValueSpecification\",\"valueRequired\":true,\"valueName\":\"search_term_string\"}}],\"inLanguage\":\"fr-FR\"},{\"@type\":\"Organization\",\"@id\":\"https:\\\/\\\/www.museodelapaz.eus\\\/fr\\\/#organization\",\"name\":\"Museo de la Paz de Gernika\",\"url\":\"https:\\\/\\\/www.museodelapaz.eus\\\/fr\\\/\",\"logo\":{\"@type\":\"ImageObject\",\"inLanguage\":\"fr-FR\",\"@id\":\"https:\\\/\\\/www.museodelapaz.eus\\\/fr\\\/#\\\/schema\\\/logo\\\/image\\\/\",\"url\":\"https:\\\/\\\/www.museodelapaz.eus\\\/wp-content\\\/uploads\\\/2024\\\/05\\\/logo-museo-de-la-paz-gernika-h-1.svg\",\"contentUrl\":\"https:\\\/\\\/www.museodelapaz.eus\\\/wp-content\\\/uploads\\\/2024\\\/05\\\/logo-museo-de-la-paz-gernika-h-1.svg\",\"caption\":\"Museo de la Paz de Gernika\"},\"image\":{\"@id\":\"https:\\\/\\\/www.museodelapaz.eus\\\/fr\\\/#\\\/schema\\\/logo\\\/image\\\/\"}}]}<\/script>\n<!-- \/ Yoast SEO plugin. -->","yoast_head_json":{"title":"2e \u00e9dition de l'Embarqu\u00e9e Artiviste. 1e laboratoire - Museo de la Paz de Gernika","robots":{"index":"index","follow":"follow","max-snippet":"max-snippet:-1","max-image-preview":"max-image-preview:large","max-video-preview":"max-video-preview:-1"},"canonical":"https:\/\/www.museodelapaz.eus\/fr\/activite\/2e-edition-de-lembarquee-artiviste-1e-laboratoire\/","og_locale":"fr_FR","og_type":"article","og_title":"2e \u00e9dition de l'Embarqu\u00e9e Artiviste. 1e laboratoire - Museo de la Paz de Gernika","og_description":"Mardi, premier d\u00e9cembre 2015, le jour qui marque 60 ans de l'action d\u00e9sob\u00e9issante de Rosa Parks, nous commen\u00e7ons avec un des laboratoires de 'L'Embarqu\u00e9e Artiviste'...","og_url":"https:\/\/www.museodelapaz.eus\/fr\/activite\/2e-edition-de-lembarquee-artiviste-1e-laboratoire\/","og_site_name":"Museo de la Paz de Gernika","og_image":[{"width":2560,"height":1707,"url":"https:\/\/www.museodelapaz.eus\/wp-content\/uploads\/2009\/11\/IMG_0024-scaled.jpg","type":"image\/jpeg"}],"twitter_card":"summary_large_image","schema":{"@context":"https:\/\/schema.org","@graph":[{"@type":"WebPage","@id":"https:\/\/www.museodelapaz.eus\/fr\/activite\/2e-edition-de-lembarquee-artiviste-1e-laboratoire\/","url":"https:\/\/www.museodelapaz.eus\/fr\/activite\/2e-edition-de-lembarquee-artiviste-1e-laboratoire\/","name":"2e \u00e9dition de l'Embarqu\u00e9e Artiviste. 1e laboratoire - Museo de la Paz de Gernika","isPartOf":{"@id":"https:\/\/www.museodelapaz.eus\/fr\/#website"},"primaryImageOfPage":{"@id":"https:\/\/www.museodelapaz.eus\/fr\/activite\/2e-edition-de-lembarquee-artiviste-1e-laboratoire\/#primaryimage"},"image":{"@id":"https:\/\/www.museodelapaz.eus\/fr\/activite\/2e-edition-de-lembarquee-artiviste-1e-laboratoire\/#primaryimage"},"thumbnailUrl":"https:\/\/www.museodelapaz.eus\/wp-content\/uploads\/2009\/11\/IMG_0024-scaled.jpg","datePublished":"2009-11-24T16:43:35+00:00","breadcrumb":{"@id":"https:\/\/www.museodelapaz.eus\/fr\/activite\/2e-edition-de-lembarquee-artiviste-1e-laboratoire\/#breadcrumb"},"inLanguage":"fr-FR","potentialAction":[{"@type":"ReadAction","target":["https:\/\/www.museodelapaz.eus\/fr\/activite\/2e-edition-de-lembarquee-artiviste-1e-laboratoire\/"]}]},{"@type":"ImageObject","inLanguage":"fr-FR","@id":"https:\/\/www.museodelapaz.eus\/fr\/activite\/2e-edition-de-lembarquee-artiviste-1e-laboratoire\/#primaryimage","url":"https:\/\/www.museodelapaz.eus\/wp-content\/uploads\/2009\/11\/IMG_0024-scaled.jpg","contentUrl":"https:\/\/www.museodelapaz.eus\/wp-content\/uploads\/2009\/11\/IMG_0024-scaled.jpg","width":2560,"height":1707},{"@type":"BreadcrumbList","@id":"https:\/\/www.museodelapaz.eus\/fr\/activite\/2e-edition-de-lembarquee-artiviste-1e-laboratoire\/#breadcrumb","itemListElement":[{"@type":"ListItem","position":1,"name":"Portada","item":"https:\/\/www.museodelapaz.eus\/fr\/accueil\/"},{"@type":"ListItem","position":2,"name":"2e \u00e9dition de l&#8217;Embarqu\u00e9e Artiviste. 1e laboratoire"}]},{"@type":"WebSite","@id":"https:\/\/www.museodelapaz.eus\/fr\/#website","url":"https:\/\/www.museodelapaz.eus\/fr\/","name":"Museo de la Paz de Gernika","description":"","publisher":{"@id":"https:\/\/www.museodelapaz.eus\/fr\/#organization"},"potentialAction":[{"@type":"SearchAction","target":{"@type":"EntryPoint","urlTemplate":"https:\/\/www.museodelapaz.eus\/fr\/?s={search_term_string}"},"query-input":{"@type":"PropertyValueSpecification","valueRequired":true,"valueName":"search_term_string"}}],"inLanguage":"fr-FR"},{"@type":"Organization","@id":"https:\/\/www.museodelapaz.eus\/fr\/#organization","name":"Museo de la Paz de Gernika","url":"https:\/\/www.museodelapaz.eus\/fr\/","logo":{"@type":"ImageObject","inLanguage":"fr-FR","@id":"https:\/\/www.museodelapaz.eus\/fr\/#\/schema\/logo\/image\/","url":"https:\/\/www.museodelapaz.eus\/wp-content\/uploads\/2024\/05\/logo-museo-de-la-paz-gernika-h-1.svg","contentUrl":"https:\/\/www.museodelapaz.eus\/wp-content\/uploads\/2024\/05\/logo-museo-de-la-paz-gernika-h-1.svg","caption":"Museo de la Paz de Gernika"},"image":{"@id":"https:\/\/www.museodelapaz.eus\/fr\/#\/schema\/logo\/image\/"}}]}},"_links":{"self":[{"href":"https:\/\/www.museodelapaz.eus\/fr\/wp-json\/wp\/v2\/actividad\/27755","targetHints":{"allow":["GET"]}}],"collection":[{"href":"https:\/\/www.museodelapaz.eus\/fr\/wp-json\/wp\/v2\/actividad"}],"about":[{"href":"https:\/\/www.museodelapaz.eus\/fr\/wp-json\/wp\/v2\/types\/actividad"}],"wp:featuredmedia":[{"embeddable":true,"href":"https:\/\/www.museodelapaz.eus\/fr\/wp-json\/wp\/v2\/media\/27752"}],"wp:attachment":[{"href":"https:\/\/www.museodelapaz.eus\/fr\/wp-json\/wp\/v2\/media?parent=27755"}],"wp:term":[{"taxonomy":"categoria-actividad","embeddable":true,"href":"https:\/\/www.museodelapaz.eus\/fr\/wp-json\/wp\/v2\/categoria-actividad?post=27755"},{"taxonomy":"tema","embeddable":true,"href":"https:\/\/www.museodelapaz.eus\/fr\/wp-json\/wp\/v2\/tema?post=27755"},{"taxonomy":"tipo-actividad","embeddable":true,"href":"https:\/\/www.museodelapaz.eus\/fr\/wp-json\/wp\/v2\/tipo-actividad?post=27755"}],"curies":[{"name":"wp","href":"https:\/\/api.w.org\/{rel}","templated":true}]}}