{"id":27734,"date":"2018-06-24T03:58:38","date_gmt":"2018-06-24T01:58:38","guid":{"rendered":"https:\/\/www.museodelapaz.eus\/actividad\/1er-edition-de-la-lembarquee-artiviste-assembler-la-recherche\/"},"modified":"2018-06-24T03:58:38","modified_gmt":"2018-06-24T01:58:38","slug":"1er-edition-de-la-lembarquee-artiviste-assembler-la-recherche","status":"publish","type":"actividad","link":"https:\/\/www.museodelapaz.eus\/fr\/activite\/1er-edition-de-la-lembarquee-artiviste-assembler-la-recherche\/","title":{"rendered":"1er \u00e9dition de la L\u2019embarqu\u00e9e artiviste. Assembler la recherche"},"content":{"rendered":"","protected":false},"excerpt":{"rendered":"<p>Journ\u00e9e de travail \u00e0 l&#8217;occasion de l&#8217;inauguration de l&#8217;exposition temporaire \u00ab <em>COSIENDO PAZ : Conflit, Arpilleras, Memoria<\/em> \u00bb.<\/p>\n<p>Ce s\u00e9minaire abordera le sujet sous diff\u00e9rents angles (psychologique, social, culturel\u2026) et s\u2019articulera autour d\u2019une exposition de toiles de jute et d\u2019autres textiles qui t\u00e9moignent, incarnent la r\u00e9sistance, d\u00e9noncent, relatent et documentent les violations des droits humains dans les situations de conflit.<\/p>\n","protected":false},"featured_media":27546,"menu_order":0,"template":"","meta":{"_acf_changed":false,"inline_featured_image":false},"categoria-actividad":[143],"tema":[223],"tipo-actividad":[224,234],"class_list":["post-27734","actividad","type-actividad","status-publish","has-post-thumbnail","hentry","categoria-actividad-musee-de-la-paix-de-gernika","tema-conferences","tipo-actividad-conference-temporaire","tipo-actividad-conferences"],"acf":[],"yoast_head":"<!-- This site is optimized with the Yoast SEO plugin v27.5 - https:\/\/yoast.com\/product\/yoast-seo-wordpress\/ -->\n<title>1er \u00e9dition de la L\u2019embarqu\u00e9e artiviste. Assembler la recherche - Museo de la Paz de Gernika<\/title>\n<meta name=\"robots\" content=\"index, follow, max-snippet:-1, max-image-preview:large, max-video-preview:-1\" \/>\n<link rel=\"canonical\" href=\"https:\/\/www.museodelapaz.eus\/fr\/activite\/1er-edition-de-la-lembarquee-artiviste-assembler-la-recherche\/\" \/>\n<meta property=\"og:locale\" content=\"fr_FR\" \/>\n<meta property=\"og:type\" content=\"article\" \/>\n<meta property=\"og:title\" content=\"1er \u00e9dition de la L\u2019embarqu\u00e9e artiviste. Assembler la recherche - Museo de la Paz de Gernika\" \/>\n<meta property=\"og:description\" content=\"Journ\u00e9e de travail \u00e0 l&#039;occasion de l&#039;inauguration de l&#039;exposition temporaire \u00ab COSIENDO PAZ : Conflit, Arpilleras, Memoria \u00bb. Ce s\u00e9minaire abordera le sujet sous diff\u00e9rents angles (psychologique, social, culturel\u2026) et s\u2019articulera autour d\u2019une exposition de toiles de jute et d\u2019autres textiles qui t\u00e9moignent, incarnent la r\u00e9sistance, d\u00e9noncent, relatent et documentent les violations des droits humains dans les situations de conflit.\" \/>\n<meta property=\"og:url\" content=\"https:\/\/www.museodelapaz.eus\/fr\/activite\/1er-edition-de-la-lembarquee-artiviste-assembler-la-recherche\/\" \/>\n<meta property=\"og:site_name\" content=\"Museo de la Paz de Gernika\" \/>\n<meta property=\"og:image\" content=\"https:\/\/www.museodelapaz.eus\/wp-content\/uploads\/2018\/06\/IMG_9816a.jpg\" \/>\n\t<meta property=\"og:image:width\" content=\"1500\" \/>\n\t<meta property=\"og:image:height\" content=\"1000\" \/>\n\t<meta property=\"og:image:type\" content=\"image\/jpeg\" \/>\n<meta name=\"twitter:card\" content=\"summary_large_image\" \/>\n<script type=\"application\/ld+json\" class=\"yoast-schema-graph\">{\"@context\":\"https:\\\/\\\/schema.org\",\"@graph\":[{\"@type\":\"WebPage\",\"@id\":\"https:\\\/\\\/www.museodelapaz.eus\\\/fr\\\/activite\\\/1er-edition-de-la-lembarquee-artiviste-assembler-la-recherche\\\/\",\"url\":\"https:\\\/\\\/www.museodelapaz.eus\\\/fr\\\/activite\\\/1er-edition-de-la-lembarquee-artiviste-assembler-la-recherche\\\/\",\"name\":\"1er \u00e9dition de la L\u2019embarqu\u00e9e artiviste. Assembler la recherche - Museo de la Paz de Gernika\",\"isPartOf\":{\"@id\":\"https:\\\/\\\/www.museodelapaz.eus\\\/fr\\\/#website\"},\"primaryImageOfPage\":{\"@id\":\"https:\\\/\\\/www.museodelapaz.eus\\\/fr\\\/activite\\\/1er-edition-de-la-lembarquee-artiviste-assembler-la-recherche\\\/#primaryimage\"},\"image\":{\"@id\":\"https:\\\/\\\/www.museodelapaz.eus\\\/fr\\\/activite\\\/1er-edition-de-la-lembarquee-artiviste-assembler-la-recherche\\\/#primaryimage\"},\"thumbnailUrl\":\"https:\\\/\\\/www.museodelapaz.eus\\\/wp-content\\\/uploads\\\/2018\\\/06\\\/IMG_9816a.jpg\",\"datePublished\":\"2018-06-24T01:58:38+00:00\",\"breadcrumb\":{\"@id\":\"https:\\\/\\\/www.museodelapaz.eus\\\/fr\\\/activite\\\/1er-edition-de-la-lembarquee-artiviste-assembler-la-recherche\\\/#breadcrumb\"},\"inLanguage\":\"fr-FR\",\"potentialAction\":[{\"@type\":\"ReadAction\",\"target\":[\"https:\\\/\\\/www.museodelapaz.eus\\\/fr\\\/activite\\\/1er-edition-de-la-lembarquee-artiviste-assembler-la-recherche\\\/\"]}]},{\"@type\":\"ImageObject\",\"inLanguage\":\"fr-FR\",\"@id\":\"https:\\\/\\\/www.museodelapaz.eus\\\/fr\\\/activite\\\/1er-edition-de-la-lembarquee-artiviste-assembler-la-recherche\\\/#primaryimage\",\"url\":\"https:\\\/\\\/www.museodelapaz.eus\\\/wp-content\\\/uploads\\\/2018\\\/06\\\/IMG_9816a.jpg\",\"contentUrl\":\"https:\\\/\\\/www.museodelapaz.eus\\\/wp-content\\\/uploads\\\/2018\\\/06\\\/IMG_9816a.jpg\",\"width\":1500,\"height\":1000},{\"@type\":\"BreadcrumbList\",\"@id\":\"https:\\\/\\\/www.museodelapaz.eus\\\/fr\\\/activite\\\/1er-edition-de-la-lembarquee-artiviste-assembler-la-recherche\\\/#breadcrumb\",\"itemListElement\":[{\"@type\":\"ListItem\",\"position\":1,\"name\":\"Portada\",\"item\":\"https:\\\/\\\/www.museodelapaz.eus\\\/fr\\\/accueil\\\/\"},{\"@type\":\"ListItem\",\"position\":2,\"name\":\"1er \u00e9dition de la L\u2019embarqu\u00e9e artiviste. Assembler la recherche\"}]},{\"@type\":\"WebSite\",\"@id\":\"https:\\\/\\\/www.museodelapaz.eus\\\/fr\\\/#website\",\"url\":\"https:\\\/\\\/www.museodelapaz.eus\\\/fr\\\/\",\"name\":\"Museo de la Paz de Gernika\",\"description\":\"\",\"publisher\":{\"@id\":\"https:\\\/\\\/www.museodelapaz.eus\\\/fr\\\/#organization\"},\"potentialAction\":[{\"@type\":\"SearchAction\",\"target\":{\"@type\":\"EntryPoint\",\"urlTemplate\":\"https:\\\/\\\/www.museodelapaz.eus\\\/fr\\\/?s={search_term_string}\"},\"query-input\":{\"@type\":\"PropertyValueSpecification\",\"valueRequired\":true,\"valueName\":\"search_term_string\"}}],\"inLanguage\":\"fr-FR\"},{\"@type\":\"Organization\",\"@id\":\"https:\\\/\\\/www.museodelapaz.eus\\\/fr\\\/#organization\",\"name\":\"Museo de la Paz de Gernika\",\"url\":\"https:\\\/\\\/www.museodelapaz.eus\\\/fr\\\/\",\"logo\":{\"@type\":\"ImageObject\",\"inLanguage\":\"fr-FR\",\"@id\":\"https:\\\/\\\/www.museodelapaz.eus\\\/fr\\\/#\\\/schema\\\/logo\\\/image\\\/\",\"url\":\"https:\\\/\\\/www.museodelapaz.eus\\\/wp-content\\\/uploads\\\/2024\\\/05\\\/logo-museo-de-la-paz-gernika-h-1.svg\",\"contentUrl\":\"https:\\\/\\\/www.museodelapaz.eus\\\/wp-content\\\/uploads\\\/2024\\\/05\\\/logo-museo-de-la-paz-gernika-h-1.svg\",\"caption\":\"Museo de la Paz de Gernika\"},\"image\":{\"@id\":\"https:\\\/\\\/www.museodelapaz.eus\\\/fr\\\/#\\\/schema\\\/logo\\\/image\\\/\"}}]}<\/script>\n<!-- \/ Yoast SEO plugin. -->","yoast_head_json":{"title":"1er \u00e9dition de la L\u2019embarqu\u00e9e artiviste. Assembler la recherche - Museo de la Paz de Gernika","robots":{"index":"index","follow":"follow","max-snippet":"max-snippet:-1","max-image-preview":"max-image-preview:large","max-video-preview":"max-video-preview:-1"},"canonical":"https:\/\/www.museodelapaz.eus\/fr\/activite\/1er-edition-de-la-lembarquee-artiviste-assembler-la-recherche\/","og_locale":"fr_FR","og_type":"article","og_title":"1er \u00e9dition de la L\u2019embarqu\u00e9e artiviste. Assembler la recherche - Museo de la Paz de Gernika","og_description":"Journ\u00e9e de travail \u00e0 l'occasion de l'inauguration de l'exposition temporaire \u00ab COSIENDO PAZ : Conflit, Arpilleras, Memoria \u00bb. Ce s\u00e9minaire abordera le sujet sous diff\u00e9rents angles (psychologique, social, culturel\u2026) et s\u2019articulera autour d\u2019une exposition de toiles de jute et d\u2019autres textiles qui t\u00e9moignent, incarnent la r\u00e9sistance, d\u00e9noncent, relatent et documentent les violations des droits humains dans les situations de conflit.","og_url":"https:\/\/www.museodelapaz.eus\/fr\/activite\/1er-edition-de-la-lembarquee-artiviste-assembler-la-recherche\/","og_site_name":"Museo de la Paz de Gernika","og_image":[{"width":1500,"height":1000,"url":"https:\/\/www.museodelapaz.eus\/wp-content\/uploads\/2018\/06\/IMG_9816a.jpg","type":"image\/jpeg"}],"twitter_card":"summary_large_image","schema":{"@context":"https:\/\/schema.org","@graph":[{"@type":"WebPage","@id":"https:\/\/www.museodelapaz.eus\/fr\/activite\/1er-edition-de-la-lembarquee-artiviste-assembler-la-recherche\/","url":"https:\/\/www.museodelapaz.eus\/fr\/activite\/1er-edition-de-la-lembarquee-artiviste-assembler-la-recherche\/","name":"1er \u00e9dition de la L\u2019embarqu\u00e9e artiviste. Assembler la recherche - Museo de la Paz de Gernika","isPartOf":{"@id":"https:\/\/www.museodelapaz.eus\/fr\/#website"},"primaryImageOfPage":{"@id":"https:\/\/www.museodelapaz.eus\/fr\/activite\/1er-edition-de-la-lembarquee-artiviste-assembler-la-recherche\/#primaryimage"},"image":{"@id":"https:\/\/www.museodelapaz.eus\/fr\/activite\/1er-edition-de-la-lembarquee-artiviste-assembler-la-recherche\/#primaryimage"},"thumbnailUrl":"https:\/\/www.museodelapaz.eus\/wp-content\/uploads\/2018\/06\/IMG_9816a.jpg","datePublished":"2018-06-24T01:58:38+00:00","breadcrumb":{"@id":"https:\/\/www.museodelapaz.eus\/fr\/activite\/1er-edition-de-la-lembarquee-artiviste-assembler-la-recherche\/#breadcrumb"},"inLanguage":"fr-FR","potentialAction":[{"@type":"ReadAction","target":["https:\/\/www.museodelapaz.eus\/fr\/activite\/1er-edition-de-la-lembarquee-artiviste-assembler-la-recherche\/"]}]},{"@type":"ImageObject","inLanguage":"fr-FR","@id":"https:\/\/www.museodelapaz.eus\/fr\/activite\/1er-edition-de-la-lembarquee-artiviste-assembler-la-recherche\/#primaryimage","url":"https:\/\/www.museodelapaz.eus\/wp-content\/uploads\/2018\/06\/IMG_9816a.jpg","contentUrl":"https:\/\/www.museodelapaz.eus\/wp-content\/uploads\/2018\/06\/IMG_9816a.jpg","width":1500,"height":1000},{"@type":"BreadcrumbList","@id":"https:\/\/www.museodelapaz.eus\/fr\/activite\/1er-edition-de-la-lembarquee-artiviste-assembler-la-recherche\/#breadcrumb","itemListElement":[{"@type":"ListItem","position":1,"name":"Portada","item":"https:\/\/www.museodelapaz.eus\/fr\/accueil\/"},{"@type":"ListItem","position":2,"name":"1er \u00e9dition de la L\u2019embarqu\u00e9e artiviste. Assembler la recherche"}]},{"@type":"WebSite","@id":"https:\/\/www.museodelapaz.eus\/fr\/#website","url":"https:\/\/www.museodelapaz.eus\/fr\/","name":"Museo de la Paz de Gernika","description":"","publisher":{"@id":"https:\/\/www.museodelapaz.eus\/fr\/#organization"},"potentialAction":[{"@type":"SearchAction","target":{"@type":"EntryPoint","urlTemplate":"https:\/\/www.museodelapaz.eus\/fr\/?s={search_term_string}"},"query-input":{"@type":"PropertyValueSpecification","valueRequired":true,"valueName":"search_term_string"}}],"inLanguage":"fr-FR"},{"@type":"Organization","@id":"https:\/\/www.museodelapaz.eus\/fr\/#organization","name":"Museo de la Paz de Gernika","url":"https:\/\/www.museodelapaz.eus\/fr\/","logo":{"@type":"ImageObject","inLanguage":"fr-FR","@id":"https:\/\/www.museodelapaz.eus\/fr\/#\/schema\/logo\/image\/","url":"https:\/\/www.museodelapaz.eus\/wp-content\/uploads\/2024\/05\/logo-museo-de-la-paz-gernika-h-1.svg","contentUrl":"https:\/\/www.museodelapaz.eus\/wp-content\/uploads\/2024\/05\/logo-museo-de-la-paz-gernika-h-1.svg","caption":"Museo de la Paz de Gernika"},"image":{"@id":"https:\/\/www.museodelapaz.eus\/fr\/#\/schema\/logo\/image\/"}}]}},"_links":{"self":[{"href":"https:\/\/www.museodelapaz.eus\/fr\/wp-json\/wp\/v2\/actividad\/27734","targetHints":{"allow":["GET"]}}],"collection":[{"href":"https:\/\/www.museodelapaz.eus\/fr\/wp-json\/wp\/v2\/actividad"}],"about":[{"href":"https:\/\/www.museodelapaz.eus\/fr\/wp-json\/wp\/v2\/types\/actividad"}],"wp:featuredmedia":[{"embeddable":true,"href":"https:\/\/www.museodelapaz.eus\/fr\/wp-json\/wp\/v2\/media\/27546"}],"wp:attachment":[{"href":"https:\/\/www.museodelapaz.eus\/fr\/wp-json\/wp\/v2\/media?parent=27734"}],"wp:term":[{"taxonomy":"categoria-actividad","embeddable":true,"href":"https:\/\/www.museodelapaz.eus\/fr\/wp-json\/wp\/v2\/categoria-actividad?post=27734"},{"taxonomy":"tema","embeddable":true,"href":"https:\/\/www.museodelapaz.eus\/fr\/wp-json\/wp\/v2\/tema?post=27734"},{"taxonomy":"tipo-actividad","embeddable":true,"href":"https:\/\/www.museodelapaz.eus\/fr\/wp-json\/wp\/v2\/tipo-actividad?post=27734"}],"curies":[{"name":"wp","href":"https:\/\/api.w.org\/{rel}","templated":true}]}}